{"id":2619,"date":"2018-06-25T21:48:39","date_gmt":"2018-06-25T19:48:39","guid":{"rendered":"http:\/\/cool-agency.it\/testsite\/alfincart\/prodotto\/sacchetti-salva-freschezza-alluminati\/"},"modified":"2025-09-05T15:42:18","modified_gmt":"2025-09-05T13:42:18","slug":"sacs-aluminium-sauve-fraicheur","status":"publish","type":"product","link":"https:\/\/www.alfincart.it\/fr\/sacs-aluminium\/","title":{"rendered":"Sacs Aluminium Sauve Fra\u00eecheur"},"content":{"rendered":"<p data-start=\"354\" data-end=\"421\"><strong data-start=\"354\" data-end=\"421\">Sacs Aluminium Sauve Fra\u00eecheur <\/strong>pour produits alimentaires frais.\u00a0Les sacs aluminium sauve fra\u00eecheur imprim\u00e9s du logo g\u00e9n\u00e9rique \u00abI Freschissimi &#8211; Gastronomia\u00bb sont con\u00e7us pour pr\u00e9server la fra\u00eecheur et la qualit\u00e9 des aliments emball\u00e9s. Fabriqu\u00e9s \u00e0 partir d\u2019un papier blanc m\u00e9tallis\u00e9, ils emp\u00eachent le passage de la lumi\u00e8re, retiennent les liquides, r\u00e9sistent \u00e0 l\u2019humidit\u00e9 et garantissent une conservation optimale des produits gastronomiques au r\u00e9frig\u00e9rateur.<\/p>\n<p data-start=\"818\" data-end=\"1182\">Gr\u00e2ce \u00e0 leur praticit\u00e9, ces sacs sont largement utilis\u00e9s dans le secteur alimentaire pour emballer des produits de comptoir ou des aliments frais, en compl\u00e9ment de nos <a href=\"https:\/\/www.alfincart.it\/fr\/papier-duplex\/\">papiers coupl\u00e9s<\/a> au <a href=\"https:\/\/fr.wikipedia.org\/wiki\/Poly%C3%A9thyl%C3%A8ne_haute_densit%C3%A9\">poly\u00e9thyl\u00e8ne haute densit\u00e9<\/a>. Comme solution d\u2019emballage, ils allient \u00e9l\u00e9gance, fonctionnalit\u00e9 et performance, en r\u00e9pondant aux exigences des professionnels de la vente au d\u00e9tail.<\/p>\n<p data-start=\"1184\" data-end=\"1593\">Les sacs en papier m\u00e9tallis\u00e9 sont \u00e9galement respectueux de l\u2019environnement, tout en assurant une barri\u00e8re protectrice contre l\u2019humidit\u00e9 et l\u2019oxyg\u00e8ne. Cela contribue \u00e0 prolonger la dur\u00e9e de conservation des aliments tout en pr\u00e9servant leur go\u00fbt et leur texture. Robustes, pratiques et \u00e9cologiques, ils conviennent parfaitement aux traiteurs, \u00e9piceries fines, r\u00f4tisseries, sandwicheries et march\u00e9s de proximit\u00e9.<\/p>\n<p data-start=\"1595\" data-end=\"1615\"><strong data-start=\"1595\" data-end=\"1615\">Format standard<\/strong>:<\/p>\n<ul data-start=\"1617\" data-end=\"1636\">\n<li data-start=\"1617\" data-end=\"1636\">\n<p data-start=\"1619\" data-end=\"1636\">20 (+4,5) \u00d7 35 cm<\/p>\n<\/li>\n<\/ul>\n<p data-start=\"1638\" data-end=\"1658\"><strong data-start=\"1638\" data-end=\"1658\">Conditionnement<\/strong>:<\/p>\n<ul data-start=\"1660\" data-end=\"1682\">\n<li data-start=\"1660\" data-end=\"1682\">\n<p data-start=\"1662\" data-end=\"1682\">Cartons de 1000 sacs<\/p>\n<\/li>\n<\/ul>\n<p data-start=\"1684\" data-end=\"1832\" data-is-last-node=\"\" data-is-only-node=\"\">Des formats ou impressions personnalis\u00e9s sont disponibles sur demande pour r\u00e9pondre \u00e0 des besoins sp\u00e9cifiques de communication ou d\u2019image de marque.<\/p>\n","protected":false},"excerpt":{"rendered":"<p>SACHETS FRA\u00ceCHEUR ALUMINIUM<\/p>\n","protected":false},"featured_media":5674,"template":"","meta":{"_joinchat":[]},"product_cat":[69],"product_tag":[],"_links":{"self":[{"href":"https:\/\/www.alfincart.it\/fr\/wp-json\/wp\/v2\/product\/2619\/"}],"collection":[{"href":"https:\/\/www.alfincart.it\/fr\/wp-json\/wp\/v2\/product\/"}],"about":[{"href":"https:\/\/www.alfincart.it\/fr\/wp-json\/wp\/v2\/types\/product\/"}],"wp:featuredmedia":[{"embeddable":true,"href":"https:\/\/www.alfincart.it\/fr\/wp-json\/wp\/v2\/media\/5674\/"}],"wp:attachment":[{"href":"https:\/\/www.alfincart.it\/fr\/wp-json\/wp\/v2\/media\/?parent=2619"}],"wp:term":[{"taxonomy":"product_cat","embeddable":true,"href":"https:\/\/www.alfincart.it\/fr\/wp-json\/wp\/v2\/product_cat\/?post=2619"},{"taxonomy":"product_tag","embeddable":true,"href":"https:\/\/www.alfincart.it\/fr\/wp-json\/wp\/v2\/product_tag\/?post=2619"}],"curies":[{"name":"wp","href":"https:\/\/api.w.org\/{rel}","templated":true}]}}